{"id":11979,"date":"2020-11-18T17:07:07","date_gmt":"2020-12-26T13:16:55","guid":{"rendered":"https:\/\/masdors.ch\/index.php\/produit\/kuehlschrank-liebherr-fkuv-1663\/"},"modified":"2020-12-26T14:17:01","modified_gmt":"2020-12-26T13:17:01","slug":"liebherr-fkuv-1663","status":"publish","type":"product","link":"https:\/\/masdors.ch\/index.php\/produit\/liebherr-fkuv-1663\/?lang=de","title":{"rendered":"K\u00fchlschrank Liebherr FKUv 1663"},"content":{"rendered":"<div class=\"data_table_module\">\n<div class=\"data_table_module__row\" style=\"text-align: center;\"><span class=\"data_table_module__cell\"><span title=\"Bruttovolumen\">Bruttovolumen<\/span><\/p>\n<p><\/span> <span class=\"data_table_module__cell\"> <strong title=\"141\">141 l<\/strong><\/p>\n<p><\/span><\/div>\n<div class=\"data_table_module__row\" style=\"text-align: center;\"><span class=\"data_table_module__cell\"><span title=\"Abmessungen (L\/P\/H)\">Abmessungen (L\/P\/H)<\/span><\/p>\n<p><\/span> <span class=\"data_table_module__cell\"> <strong title=\"83 \/ 60,0 \/ 61,5\">83 \/ 60,0 \/ 61,5 cm<\/strong><\/p>\n<p><\/span><\/div>\n<div class=\"data_table_module__row\" style=\"text-align: center;\"><span class=\"data_table_module__cell\"><span title=\"Stromverbrauch in 24 Stunden\">Stromverbrauch in 24 Stunden<\/span><\/p>\n<p><\/span> <span class=\"data_table_module__cell\"> <strong title=\"0,947\">0,947 kWh\/24 Stunden<\/strong><\/p>\n<p><\/span><\/div>\n<\/div>\n<div style=\"text-align: center;\"><\/div>\n<div>\n<section class=\"singleRow article_module text_img_module\">\n<section class=\"grid_12 text_img_1of2_module\">\n<div class=\"image span_4\">\n<div class=\"trackEvent\" data-event-category=\"Product Detail1\" data-event-action=\"Bildvergr\u00f6\u00dferung\" data-event-label=\"Bildvergr\u00f6\u00dferung Label\"><img decoding=\"async\" class=\"aligncenter\" src=\"https:\/\/home.liebherr.com\/external\/products\/product-related-entity-assets\/281711\/IMG_150x150\/F11_Digitale_Temperaturanzeige_Image.jpg\" alt=\"Digitale Anzeige der Temperatur\"><\/div>\n<\/div>\n<section class=\"text description\">\n<h3 style=\"text-align: center;\">Digitale Anzeige der Temperatur<\/h3>\n<p style=\"text-align: center;\">Mit der digitalen Temperaturanzeige k\u00f6nnen Sie von au\u00dfen die Innentemperatur des K\u00fchlschranks in Grad genau lesen. So wei\u00df der Benutzer schnell, wie hei\u00df es ist, ohne die T\u00fcr zu \u00f6ffnen.<\/p>\n<\/section>\n<\/section>\n<section class=\"grid_12 text_img_1of2_module\">\n<div class=\"image span_4\">\n<div class=\"trackEvent\" data-event-category=\"Product Detail1\" data-event-action=\"Bildvergr\u00f6\u00dferung\" data-event-label=\"Bildvergr\u00f6\u00dferung Label\"><img decoding=\"async\" class=\"aligncenter\" src=\"https:\/\/home.liebherr.com\/external\/products\/product-related-entity-assets\/304469\/IMG_150x150\/liebherr-Edelstahl-Au%c3%9fengeh%c3%a4use.jpg\" alt=\"Edelstahl-Verkleidung\"><\/div>\n<\/div>\n<section class=\"text description\">\n<h3 style=\"text-align: center;\">Edelstahl-Verkleidung<\/h3>\n<p style=\"text-align: center;\">Das Ger\u00e4t ist mit edelstahlen W\u00e4nden aus einer Hand, ohne Dichtungen, f\u00fcr eine perfekte Hygiene und Wartung gekleidet. Rostfreier Stahl ist eine besonders widerstandsf\u00e4hige Feinstahllegierung; es eignet sich ideal f\u00fcr den professionellen Einsatz.<\/p>\n<\/section>\n<\/section>\n<section class=\"grid_12 text_img_1of2_module\">\n<div class=\"image span_4\">\n<div class=\"trackEvent\" data-event-category=\"Product Detail1\" data-event-action=\"Bildvergr\u00f6\u00dferung\" data-event-label=\"Bildvergr\u00f6\u00dferung Label\"><img decoding=\"async\" class=\"aligncenter\" src=\"https:\/\/home.liebherr.com\/external\/products\/product-related-entity-assets\/281736\/IMG_150x150\/liebherr-Hocheffiziente%20Ventilatoren.jpg\" alt=\"Kalt bel\u00fcftet\"><\/div>\n<\/div>\n<section class=\"text description\">\n<h3 style=\"text-align: center;\">Kalt bel\u00fcftet<\/h3>\n<p style=\"text-align: center;\">Sehr effiziente Ventilatoren sorgen f\u00fcr eine schnelle K\u00fchlung der gerade in den K\u00fchlschrank gesteckten Ware und halten eine gleichm\u00e4\u00dfige und konstante Temperatur im Inneren des Ger\u00e4ts aufrecht.<\/p>\n<\/section>\n<\/section>\n<section class=\"grid_12 text_img_1of2_module\">\n<div class=\"image span_4\">\n<div class=\"trackEvent\" data-event-category=\"Product Detail1\" data-event-action=\"Bildvergr\u00f6\u00dferung\" data-event-label=\"Bildvergr\u00f6\u00dferung Label\"><img decoding=\"async\" class=\"aligncenter\" src=\"https:\/\/home.liebherr.com\/external\/products\/product-related-entity-assets\/1470017\/IMG_150x150\/liebherr-Hocheffizientes%20K%c3%a4ltesystem.jpg\" alt=\"Ein effizientes K\u00fchlsystem\"><\/div>\n<\/div>\n<section class=\"text description\">\n<h3 style=\"text-align: center;\">Ein effizientes K\u00fchlsystem<\/h3>\n<p style=\"text-align: center;\">Dank jahrzehntelanger Erfahrung in der K\u00e4ltetechnik und kontinuierlichen Forschungsanstrengungen bietet Liebherr Ihnen ein K\u00fchlsystem von au\u00dfergew\u00f6hnlicher Qualit\u00e4t. Die Verwendung hochwertiger Komponenten in Liebherr-Ger\u00e4ten, wie Kompressoren, Kondensatoren oder Verdampfer f\u00fcr die K\u00fchltechnik, sorgt f\u00fcr einen signifikanten R\u00fcckgang des Verbrauchs und damit des Energieaufwands.<\/p>\n<\/section>\n<\/section>\n<section class=\"grid_12 text_img_1of2_module\">\n<div class=\"image span_4\">\n<div class=\"trackEvent\" data-event-category=\"Product Detail1\" data-event-action=\"Bildvergr\u00f6\u00dferung\" data-event-label=\"Bildvergr\u00f6\u00dferung Label\"><img decoding=\"async\" class=\"aligncenter\" src=\"https:\/\/home.liebherr.com\/external\/products\/product-related-entity-assets\/281715\/IMG_150x150\/F11_Temperatur%20Alarm_Image.jpg\" alt=\"Temperaturalarm\"><\/div>\n<\/div>\n<section class=\"text description\">\n<h3 style=\"text-align: center;\">Temperaturalarm<\/h3>\n<p style=\"text-align: center;\">Der integrierte Temperaturalarm meldet jede Temperatur au\u00dferhalb des Bereichs der zul\u00e4ssigen Werte. Dieser Alarm ist sowohl akustische als auch visuelle, um maximale Sicherheit f\u00fcr die gespeicherten Waren zu gew\u00e4hrleisten.<\/p>\n<\/section>\n<\/section>\n<section class=\"grid_12 text_img_1of2_module\">\n<div class=\"image span_4\" style=\"text-align: center;\">\n<div class=\"trackEvent\" data-event-category=\"Product Detail1\" data-event-action=\"Bildvergr\u00f6\u00dferung\" data-event-label=\"Bildvergr\u00f6\u00dferung Label\"><img decoding=\"async\" class=\"aligncenter\" src=\"https:\/\/home.liebherr.com\/external\/products\/product-related-entity-assets\/1470321\/IMG_150x150\/liebherr-Umweltfreundliches%20K%c3%a4ltemittel.jpg\" alt=\"Umweltfreundliches K\u00e4ltemittel\"><\/div>\n<\/div>\n<section class=\"text description\">\n<h3 style=\"text-align: center;\">Umweltfreundliches K\u00e4ltemittel<\/h3>\n<p style=\"text-align: center;\">Ein sehr geringer Treibhauseffekt und das fehlende Ozonabbaupotenzial machen R600a und R 290 zu umweltfreundlichen K\u00e4ltemittel. Deshalb ziehen fast alle Hersteller sie heute den alten K\u00e4ltefl\u00fcssigkeiten R134a und R404a vor. Alle Impuls-Konservierungs- und Bautruhen von Liebherr sind mit dem K\u00e4ltemittel R600a oder R 290 ausgestattet und zeichnen sich durch eine ausgezeichnete Energieeffizienz aus, was zu ihrer CO2-Bilanz beitr\u00e4gt und die Umsetzung nachhaltiger Ma\u00dfnahmen f\u00f6rdert.<\/p>\n<div class=\"grid_12\" style=\"text-align: center;\">\n<section id=\"snippetId_25\" class=\"accordion_module jQueryPluginAccordionProceed\">\n<section class=\"accordionItem accordionItemLevel1 open\">\n<div class=\"slideLink\">\n<h4><span class=\"text\">Einbaumodelle unter Plan<\/span><\/h4>\n<\/div>\n<div class=\"accordionContent\">\n<section class=\"grid_24 text_img_1of2_module\">\n<div class=\"image span_4\">\n<div class=\"trackEvent\" data-event-category=\"Product Detail1\" data-event-action=\"Bildvergr\u00f6\u00dferung\" data-event-label=\"Bildvergr\u00f6\u00dferung Label\">\n<p><img decoding=\"async\" class=\"aligncenter\" src=\"https:\/\/home.liebherr.com\/external\/products\/product-related-entity-assets\/281720\/IMG_150x150\/liebherr-Unterbauf%c3%a4hige%20Modelle.jpg\" alt=\"Einbaumodelle unter Plan\"><\/p>\n<p class=\"linkDescription\">Einbaumodelle unter Plan<\/p>\n<\/div>\n<\/div>\n<div class=\"text\">\n<p>Einige Modelle k\u00f6nnen unter der Arbeitsplan installiert werden. In diesem Fall ist eine Lufteinl\u00e4sung von mindestens 200 cm\u00b2 in der Arbeitsfl\u00e4che vorzusehen, um die Bel\u00fcftung auf der R\u00fcckseite des Ger\u00e4ts zu erm\u00f6glichen. Ist in der Arbeitsebene kein L\u00fcftungsgitter vorgesehen, so muss die Nische mindestens 860 mm betragen, um eine ausreichende Ableitung der W\u00e4rme nach vorne zu gew\u00e4hrleisten. Wenn die Oberfl\u00e4che begrenzt ist, bieten die planierbaren Modelle eine platzsparende Alternative.<\/p>\n<\/div>\n<\/section>\n<\/div>\n<\/section>\n<section class=\"accordionItem accordionItemLevel1 open\">\n<div class=\"slideLink\">\n<h4><span class=\"text\">Ansto\u00df von reversibler T\u00fcr<\/span><\/h4>\n<\/div>\n<div class=\"accordionContent\">\n<section class=\"grid_24 text_img_1of2_module\">\n<div class=\"image span_4\">\n<div class=\"trackEvent\" data-event-category=\"Product Detail1\" data-event-action=\"Bildvergr\u00f6\u00dferung\" data-event-label=\"Bildvergr\u00f6\u00dferung Label\">\n<p><img decoding=\"async\" class=\"aligncenter\" src=\"https:\/\/home.liebherr.com\/external\/products\/product-related-entity-assets\/281721\/IMG_150x150\/liebherr-Wechselbarer%20T%c3%bcranschlag.jpg\" alt=\"Ansto\u00df von reversibler T\u00fcr\"><\/p>\n<p class=\"linkDescription\">Ansto\u00df von reversibler T\u00fcr<\/p>\n<\/div>\n<\/div>\n<div class=\"text\">\n<p>Die Ger\u00e4te sind in der Fabrik mit einem Tor-Ansch\u00fctz auf der rechten Seite ausgestattet. Dank der reversiblen T\u00fcre kann das Ger\u00e4t immer an dem Ort installiert werden, an dem es am meisten ben\u00f6tigt wird.<\/p>\n<\/div>\n<\/section>\n<\/div>\n<\/section>\n<\/section>\n<\/div>\n<div class=\"grid_12\">\n<section id=\"snippetId_27\" class=\"accordion_module jQueryPluginAccordionProceed\">\n<section class=\"accordionItem accordionItemLevel1 open\">\n<div class=\"slideLink\" style=\"text-align: center;\">\n<h4><span class=\"text\">Effiziente Produktpr\u00e4sentation<\/span><\/h4>\n<\/div>\n<div class=\"accordionContent\">\n<section class=\"grid_24 text_img_1of2_module\">\n<div class=\"image span_4\" style=\"text-align: center;\">\n<div class=\"trackEvent\" data-event-category=\"Product Detail1\" data-event-action=\"Bildvergr\u00f6\u00dferung\" data-event-label=\"Bildvergr\u00f6\u00dferung Label\">\n<p><img decoding=\"async\" class=\"aligncenter\" src=\"https:\/\/home.liebherr.com\/external\/products\/product-related-entity-assets\/281722\/IMG_150x150\/F11_Wirkungsstarke%20Warenpr%c3%a4sentation%20G_Image.jpg\" alt=\"Effiziente Produktpr\u00e4sentation\"><\/p>\n<p class=\"linkDescription\">Effiziente Produktpr\u00e4sentation<\/p>\n<\/div>\n<\/div>\n<div class=\"text\">\n<p style=\"text-align: center;\">Die energiesparende Led-Innenbeleuchtung sorgt f\u00fcr eine optimale Pr\u00e4sentation der gespeicherten Produkte<\/p>\n<\/div>\n<\/section>\n<\/div>\n<\/section>\n<\/section>\n<\/div>\n<\/section>\n<\/section>\n<\/section>\n<\/div>\n","protected":false},"excerpt":{"rendered":"<p><strong>Artikelnummer:<\/strong> FKUv 1663<\/p>\n","protected":false},"featured_media":6839,"template":"","meta":[],"product_cat":[159,235],"product_tag":[],"yoast_head":"<!-- This site is optimized with the Yoast SEO plugin v20.13 - https:\/\/yoast.com\/wordpress\/plugins\/seo\/ -->\n<title>K\u00fchlschrank Liebherr FKUv 1663 - Masdors - Cuisines ext\u00e9rieurs<\/title>\n<meta name=\"robots\" content=\"index, follow, max-snippet:-1, max-image-preview:large, max-video-preview:-1\" \/>\n<link rel=\"canonical\" href=\"https:\/\/masdors.ch\/index.php\/produit\/liebherr-fkuv-1663\/\" \/>\n<meta property=\"og:locale\" content=\"fr_FR\" \/>\n<meta property=\"og:type\" content=\"article\" \/>\n<meta property=\"og:title\" content=\"K\u00fchlschrank Liebherr FKUv 1663 - Masdors - Cuisines ext\u00e9rieurs\" \/>\n<meta property=\"og:description\" content=\"Artikelnummer: FKUv 1663\" \/>\n<meta property=\"og:url\" content=\"https:\/\/masdors.ch\/index.php\/produit\/liebherr-fkuv-1663\/?lang=de\" \/>\n<meta property=\"og:site_name\" content=\"Masdors - Cuisines ext\u00e9rieurs\" \/>\n<meta property=\"article:modified_time\" content=\"2020-12-26T13:17:01+00:00\" \/>\n<meta property=\"og:image\" content=\"https:\/\/masdors.ch\/wp-content\/uploads\/2020\/11\/1663-open-1.jpg\" \/>\n\t<meta property=\"og:image:width\" content=\"579\" \/>\n\t<meta property=\"og:image:height\" content=\"565\" \/>\n\t<meta property=\"og:image:type\" content=\"image\/jpeg\" \/>\n<meta name=\"twitter:card\" content=\"summary_large_image\" \/>\n<meta name=\"twitter:label1\" content=\"Dur\u00e9e de lecture estim\u00e9e\" \/>\n\t<meta name=\"twitter:data1\" content=\"2 minutes\" \/>\n<script type=\"application\/ld+json\" class=\"yoast-schema-graph\">{\"@context\":\"https:\/\/schema.org\",\"@graph\":[{\"@type\":\"WebPage\",\"@id\":\"https:\/\/masdors.ch\/index.php\/produit\/liebherr-fkuv-1663\/?lang=de\",\"url\":\"https:\/\/masdors.ch\/index.php\/produit\/liebherr-fkuv-1663\/?lang=de\",\"name\":\"K\u00fchlschrank Liebherr FKUv 1663 - Masdors - Cuisines ext\u00e9rieurs\",\"isPartOf\":{\"@id\":\"https:\/\/masdors.ch\/#website\"},\"datePublished\":\"2020-12-26T13:16:55+00:00\",\"dateModified\":\"2020-12-26T13:17:01+00:00\",\"breadcrumb\":{\"@id\":\"https:\/\/masdors.ch\/index.php\/produit\/liebherr-fkuv-1663\/?lang=de#breadcrumb\"},\"inLanguage\":\"fr-FR\",\"potentialAction\":[{\"@type\":\"ReadAction\",\"target\":[\"https:\/\/masdors.ch\/index.php\/produit\/liebherr-fkuv-1663\/?lang=de\"]}]},{\"@type\":\"BreadcrumbList\",\"@id\":\"https:\/\/masdors.ch\/index.php\/produit\/liebherr-fkuv-1663\/?lang=de#breadcrumb\",\"itemListElement\":[{\"@type\":\"ListItem\",\"position\":1,\"name\":\"Home\",\"item\":\"https:\/\/masdors.ch\/\"},{\"@type\":\"ListItem\",\"position\":2,\"name\":\"Produits\",\"item\":\"https:\/\/masdors.ch\/index.php\/shop\/\"},{\"@type\":\"ListItem\",\"position\":3,\"name\":\"K\u00fchlschrank Liebherr FKUv 1663\"}]},{\"@type\":\"WebSite\",\"@id\":\"https:\/\/masdors.ch\/#website\",\"url\":\"https:\/\/masdors.ch\/\",\"name\":\"Masdors - Cuisines ext\u00e9rieurs\",\"description\":\"\",\"publisher\":{\"@id\":\"https:\/\/masdors.ch\/#organization\"},\"potentialAction\":[{\"@type\":\"SearchAction\",\"target\":{\"@type\":\"EntryPoint\",\"urlTemplate\":\"https:\/\/masdors.ch\/?s={search_term_string}\"},\"query-input\":\"required name=search_term_string\"}],\"inLanguage\":\"fr-FR\"},{\"@type\":\"Organization\",\"@id\":\"https:\/\/masdors.ch\/#organization\",\"name\":\"Masdors - Cuisines ext\u00e9rieurs\",\"url\":\"https:\/\/masdors.ch\/\",\"logo\":{\"@type\":\"ImageObject\",\"inLanguage\":\"fr-FR\",\"@id\":\"https:\/\/masdors.ch\/#\/schema\/logo\/image\/\",\"url\":\"https:\/\/masdors.ch\/wp-content\/uploads\/2020\/09\/Masdors_Logo-01x.png\",\"contentUrl\":\"https:\/\/masdors.ch\/wp-content\/uploads\/2020\/09\/Masdors_Logo-01x.png\",\"width\":223,\"height\":63,\"caption\":\"Masdors - Cuisines ext\u00e9rieurs\"},\"image\":{\"@id\":\"https:\/\/masdors.ch\/#\/schema\/logo\/image\/\"}}]}<\/script>\n<!-- \/ Yoast SEO plugin. -->","yoast_head_json":{"title":"K\u00fchlschrank Liebherr FKUv 1663 - Masdors - Cuisines ext\u00e9rieurs","robots":{"index":"index","follow":"follow","max-snippet":"max-snippet:-1","max-image-preview":"max-image-preview:large","max-video-preview":"max-video-preview:-1"},"canonical":"https:\/\/masdors.ch\/index.php\/produit\/liebherr-fkuv-1663\/","og_locale":"fr_FR","og_type":"article","og_title":"K\u00fchlschrank Liebherr FKUv 1663 - Masdors - Cuisines ext\u00e9rieurs","og_description":"Artikelnummer: FKUv 1663","og_url":"https:\/\/masdors.ch\/index.php\/produit\/liebherr-fkuv-1663\/?lang=de","og_site_name":"Masdors - Cuisines ext\u00e9rieurs","article_modified_time":"2020-12-26T13:17:01+00:00","og_image":[{"width":579,"height":565,"url":"https:\/\/masdors.ch\/wp-content\/uploads\/2020\/11\/1663-open-1.jpg","type":"image\/jpeg"}],"twitter_card":"summary_large_image","twitter_misc":{"Dur\u00e9e de lecture estim\u00e9e":"2 minutes"},"schema":{"@context":"https:\/\/schema.org","@graph":[{"@type":"WebPage","@id":"https:\/\/masdors.ch\/index.php\/produit\/liebherr-fkuv-1663\/?lang=de","url":"https:\/\/masdors.ch\/index.php\/produit\/liebherr-fkuv-1663\/?lang=de","name":"K\u00fchlschrank Liebherr FKUv 1663 - Masdors - Cuisines ext\u00e9rieurs","isPartOf":{"@id":"https:\/\/masdors.ch\/#website"},"datePublished":"2020-12-26T13:16:55+00:00","dateModified":"2020-12-26T13:17:01+00:00","breadcrumb":{"@id":"https:\/\/masdors.ch\/index.php\/produit\/liebherr-fkuv-1663\/?lang=de#breadcrumb"},"inLanguage":"fr-FR","potentialAction":[{"@type":"ReadAction","target":["https:\/\/masdors.ch\/index.php\/produit\/liebherr-fkuv-1663\/?lang=de"]}]},{"@type":"BreadcrumbList","@id":"https:\/\/masdors.ch\/index.php\/produit\/liebherr-fkuv-1663\/?lang=de#breadcrumb","itemListElement":[{"@type":"ListItem","position":1,"name":"Home","item":"https:\/\/masdors.ch\/"},{"@type":"ListItem","position":2,"name":"Produits","item":"https:\/\/masdors.ch\/index.php\/shop\/"},{"@type":"ListItem","position":3,"name":"K\u00fchlschrank Liebherr FKUv 1663"}]},{"@type":"WebSite","@id":"https:\/\/masdors.ch\/#website","url":"https:\/\/masdors.ch\/","name":"Masdors - Cuisines ext\u00e9rieurs","description":"","publisher":{"@id":"https:\/\/masdors.ch\/#organization"},"potentialAction":[{"@type":"SearchAction","target":{"@type":"EntryPoint","urlTemplate":"https:\/\/masdors.ch\/?s={search_term_string}"},"query-input":"required name=search_term_string"}],"inLanguage":"fr-FR"},{"@type":"Organization","@id":"https:\/\/masdors.ch\/#organization","name":"Masdors - Cuisines ext\u00e9rieurs","url":"https:\/\/masdors.ch\/","logo":{"@type":"ImageObject","inLanguage":"fr-FR","@id":"https:\/\/masdors.ch\/#\/schema\/logo\/image\/","url":"https:\/\/masdors.ch\/wp-content\/uploads\/2020\/09\/Masdors_Logo-01x.png","contentUrl":"https:\/\/masdors.ch\/wp-content\/uploads\/2020\/09\/Masdors_Logo-01x.png","width":223,"height":63,"caption":"Masdors - Cuisines ext\u00e9rieurs"},"image":{"@id":"https:\/\/masdors.ch\/#\/schema\/logo\/image\/"}}]}},"_links":{"self":[{"href":"https:\/\/masdors.ch\/index.php\/wp-json\/wp\/v2\/product\/11979"}],"collection":[{"href":"https:\/\/masdors.ch\/index.php\/wp-json\/wp\/v2\/product"}],"about":[{"href":"https:\/\/masdors.ch\/index.php\/wp-json\/wp\/v2\/types\/product"}],"wp:featuredmedia":[{"embeddable":true,"href":"https:\/\/masdors.ch\/index.php\/wp-json\/wp\/v2\/media\/6839"}],"wp:attachment":[{"href":"https:\/\/masdors.ch\/index.php\/wp-json\/wp\/v2\/media?parent=11979"}],"wp:term":[{"taxonomy":"product_cat","embeddable":true,"href":"https:\/\/masdors.ch\/index.php\/wp-json\/wp\/v2\/product_cat?post=11979"},{"taxonomy":"product_tag","embeddable":true,"href":"https:\/\/masdors.ch\/index.php\/wp-json\/wp\/v2\/product_tag?post=11979"}],"curies":[{"name":"wp","href":"https:\/\/api.w.org\/{rel}","templated":true}]}}