{"id":12074,"date":"2020-11-18T16:57:56","date_gmt":"2020-12-26T13:23:52","guid":{"rendered":"https:\/\/masdors.ch\/index.php\/produit\/frigorifero-liebherr-fkuv-1660-premium\/"},"modified":"2020-12-26T14:24:08","modified_gmt":"2020-12-26T13:24:08","slug":"liebherr-fkuv-1660-premium","status":"publish","type":"product","link":"https:\/\/masdors.ch\/index.php\/produit\/liebherr-fkuv-1660-premium\/?lang=it","title":{"rendered":"Frigorifero Liebherr FKUv 1660 Premium"},"content":{"rendered":"<section class=\"grid_12 text_img_1of2_module\">\n<div class=\"image span_4\">\n<div data-event-category=\"Product Detail1\" data-event-action=\"Bildvergr\u00f6\u00dferung\" data-event-label=\"Bildvergr\u00f6\u00dferung Label\">\n<div class=\"data_table_module__row\" style=\"text-align: center;\"> <span class=\"data_table_module__cell\"><span title=\"Volume lordo\">Volume lordo<\/span><\/span> <span class=\"data_table_module__cell\"><strong title=\"141\">141 l<\/strong><\/span> <\/div>\n<div class=\"data_table_module__row\" style=\"text-align: center;\"> <span class=\"data_table_module__cell\"><span title=\"Dimensioni esterne (L\/P\/H)\">Dimensioni esterne (L\/P\/H)<\/span><\/span> <span class=\"data_table_module__cell\"><strong title=\"83 \/ 60,0 \/ 61,5\">83 \/ 60,0 \/ 61,5 cm<\/strong><\/span> <\/div>\n<div class=\"data_table_module__row\" style=\"text-align: center;\"><span class=\"data_table_module__cell\"> <span title=\"Consumo di elettricit\u00e0 in 24 ore\">Consumo di elettricit\u00e0 in 24 ore<\/span> <\/span><\/div>\n<\/div>\n<div class=\"trackEvent\" data-event-category=\"Product Detail1\" data-event-action=\"Bildvergr\u00f6\u00dferung\" data-event-label=\"Bildvergr\u00f6\u00dferung Label\">\n<section class=\"singleRow article_module text_img_module\">\n<section class=\"grid_12 text_img_1of2_module\">\n<section class=\"text description\">\n<h3 style=\"text-align: center;\">Visualizzazione digitale della temperatura<\/h3>\n<div class=\"image span_4\" style=\"text-align: center;\">\n<div class=\"trackEvent\" data-event-category=\"Product Detail1\" data-event-action=\"Bildvergr\u00f6\u00dferung\" data-event-label=\"Bildvergr\u00f6\u00dferung Label\"><img decoding=\"async\" class=\"aligncenter\" src=\"https:\/\/home.liebherr.com\/external\/products\/product-related-entity-assets\/281711\/IMG_150x150\/F11_Digitale_Temperaturanzeige_Image.jpg\" alt=\"Visualizzazione digitale della temperatura\"><\/div>\n<\/div>\n<p style=\"text-align: center;\">Con il display digitale della temperatura, \u00e8 possibile leggere dall&rsquo;esterno la temperatura interna del frigorifero al grado pi\u00f9 vicino. Pertanto, l&rsquo;utente conosce rapidamente la temperatura raggiunta, senza aprire la porta.<\/p>\n<\/section>\n<\/section>\n<section class=\"grid_12 text_img_1of2_module\">\n<section class=\"text description\">\n<h3 style=\"text-align: center;\">Medicazione inossidabile<\/h3>\n<div class=\"image span_4\">\n<div class=\"trackEvent\" data-event-category=\"Product Detail1\" data-event-action=\"Bildvergr\u00f6\u00dferung\" data-event-label=\"Bildvergr\u00f6\u00dferung Label\"><img decoding=\"async\" class=\"aligncenter\" src=\"https:\/\/home.liebherr.com\/external\/products\/product-related-entity-assets\/304469\/IMG_150x150\/liebherr-Edelstahl-Au%c3%9fengeh%c3%a4use.jpg\" alt=\"Medicazione inossidabile\"><\/div>\n<\/div>\n<p style=\"text-align: center;\">Il dispositivo \u00e8 rivestito in pareti in acciaio inox in un unico pezzo, senza giunti, per una perfetta igiene e manutenzione. L&rsquo;acciaio inossidabile \u00e8 una lega di acciaio fine particolarmente forte; \u00e8 ideale per l&rsquo;uso professionale.<\/p>\n<\/section>\n<\/section>\n<section class=\"grid_12 text_img_1of2_module\">\n<section class=\"text description\">\n<h3 style=\"text-align: center;\">Ventilato a freddo<\/h3>\n<div class=\"image span_4\">\n<div class=\"trackEvent\" data-event-category=\"Product Detail1\" data-event-action=\"Bildvergr\u00f6\u00dferung\" data-event-label=\"Bildvergr\u00f6\u00dferung Label\"><img decoding=\"async\" class=\"aligncenter\" src=\"https:\/\/home.liebherr.com\/external\/products\/product-related-entity-assets\/281736\/IMG_150x150\/liebherr-Hocheffiziente%20Ventilatoren.jpg\" alt=\"Ventilato a freddo\"><\/div>\n<\/div>\n<p style=\"text-align: center;\">Ventilatori altamente efficienti assicurano una rapida refrigerazione della merce che sono appena stati collocati in frigorifero e mantengono una temperatura costante e costante all&rsquo;interno dell&rsquo;unit\u00e0.<\/p>\n<\/section>\n<\/section>\n<section class=\"grid_12 text_img_1of2_module\">\n<section class=\"text description\">\n<h3 style=\"text-align: center;\">Un efficiente sistema di refrigerazione<\/h3>\n<div class=\"image span_4\">\n<div class=\"trackEvent\" data-event-category=\"Product Detail1\" data-event-action=\"Bildvergr\u00f6\u00dferung\" data-event-label=\"Bildvergr\u00f6\u00dferung Label\"><img decoding=\"async\" class=\"aligncenter\" src=\"https:\/\/home.liebherr.com\/external\/products\/product-related-entity-assets\/1470017\/IMG_150x150\/liebherr-Hocheffizientes%20K%c3%a4ltesystem.jpg\" alt=\"Un efficiente sistema di refrigerazione\"><\/div>\n<\/div>\n<p style=\"text-align: center;\">Con decenni di esperienza nell&rsquo;ingegneria della refrigerazione e sforzi di ricerca continui, Liebherr ti offre un sistema di raffreddamento di qualit\u00e0 eccezionale. L&rsquo;uso di componenti di qualit\u00e0 negli apparecchi Liebherr, come compressori, condensatori o evaporatori per l&rsquo;ingegneria della refrigerazione, garantisce una significativa riduzione dei consumi e quindi del dispendio energetico.<\/p>\n<\/section>\n<\/section>\n<section class=\"grid_12 text_img_1of2_module\">\n<section class=\"text description\">\n<h3 style=\"text-align: center;\">Allarme temperatura<\/h3>\n<div class=\"image span_4\">\n<div class=\"trackEvent\" data-event-category=\"Product Detail1\" data-event-action=\"Bildvergr\u00f6\u00dferung\" data-event-label=\"Bildvergr\u00f6\u00dferung Label\"><img decoding=\"async\" class=\"aligncenter\" src=\"https:\/\/home.liebherr.com\/external\/products\/product-related-entity-assets\/281715\/IMG_150x150\/F11_Temperatur%20Alarm_Image.jpg\" alt=\"Allarme temperatura\"><\/div>\n<\/div>\n<p style=\"text-align: center;\">L&rsquo;allarme temperatura integrato indica qualsiasi temperatura al di fuori dell&rsquo;intervallo di valori idonei. Questo allarme \u00e8 sia acustico che visivo, per garantire la massima sicurezza per le merci immagazzinate.<\/p>\n<\/section>\n<\/section>\n<section class=\"grid_12 text_img_1of2_module\">\n<section class=\"text description\">\n<h3 style=\"text-align: center;\">Refrigerante ecologico<\/h3>\n<div class=\"image span_4\" style=\"text-align: center;\">\n<div class=\"trackEvent\" data-event-category=\"Product Detail1\" data-event-action=\"Bildvergr\u00f6\u00dferung\" data-event-label=\"Bildvergr\u00f6\u00dferung Label\"><img decoding=\"async\" class=\"aligncenter\" src=\"https:\/\/home.liebherr.com\/external\/products\/product-related-entity-assets\/1470321\/IMG_150x150\/liebherr-Umweltfreundliches%20K%c3%a4ltemittel.jpg\" alt=\"Refrigerante ecologico\"><\/div>\n<\/div>\n<p style=\"text-align: center;\">Un effetto serra molto piccolo e l&rsquo;assenza di potenziale di riduzione dello strato di ozono rendono R600a e R 290 refrigeranti rispettosi dell&rsquo;ambiente. Ecco perch\u00e9 quasi tutti i produttori oggi li preferiscono ai vecchi refrigeranti R134a e R404a. Tutti i conservanti e i forzieri Impuls di Liebherr sono dotati del refrigerante R600a o R 290 e sono caratterizzati da un&rsquo;eccellente efficienza energetica, che contribuisce alla loro impronta di carbonio e promuove un&rsquo;azione sostenibile.<\/p>\n<div class=\"grid_12\" style=\"text-align: center;\">\n<section id=\"snippetId_25\" class=\"accordion_module jQueryPluginAccordionProceed\">\n<section class=\"accordionItem accordionItemLevel1 open\">\n<div class=\"slideLink\">\n<h4><span class=\"text\">Modelli integrati sotto piano<\/span><\/h4>\n<\/div>\n<div class=\"accordionContent\">\n<section class=\"grid_24 text_img_1of2_module\">\n<div class=\"image span_4\">\n<div class=\"trackEvent\" data-event-category=\"Product Detail1\" data-event-action=\"Bildvergr\u00f6\u00dferung\" data-event-label=\"Bildvergr\u00f6\u00dferung Label\">\n<p><img decoding=\"async\" class=\"aligncenter\" src=\"https:\/\/home.liebherr.com\/external\/products\/product-related-entity-assets\/281720\/IMG_150x150\/liebherr-Unterbauf%c3%a4hige%20Modelle.jpg\" alt=\"Modelli integrati sotto piano\"><\/p>\n<p class=\"linkDescription\">Modelli integrati sotto piano<\/p>\n<\/div>\n<\/div>\n<div class=\"text\">\n<p>Alcuni modelli possono essere installati sotto il piano di lavoro. In questo caso, nel piano di lavoro deve essere fornita una presa d&rsquo;aria di almeno 200 cm2 per consentire la ventilazione nella parte posteriore dell&rsquo;unit\u00e0. Se non c&rsquo;\u00e8 una griglia di ventilazione nel piano di lavoro, l&rsquo;altezza della nicchia deve essere di almeno 860 mm per garantire una sufficiente evacuazione del calore in avanti. Quando la superficie \u00e8 piccola, i modelli integrati sotto il piano offrono un&rsquo;alternativa salvaspazio.<\/p>\n<\/div>\n<\/section>\n<\/div>\n<\/section>\n<section class=\"accordionItem accordionItemLevel1 open\">\n<div class=\"slideLink\">\n<h4><span class=\"text\">Fermata della porta reversibile<\/span><\/h4>\n<\/div>\n<div class=\"accordionContent\">\n<section class=\"grid_24 text_img_1of2_module\">\n<div class=\"image span_4\">\n<div class=\"trackEvent\" data-event-category=\"Product Detail1\" data-event-action=\"Bildvergr\u00f6\u00dferung\" data-event-label=\"Bildvergr\u00f6\u00dferung Label\">\n<p><img decoding=\"async\" class=\"aligncenter\" src=\"https:\/\/home.liebherr.com\/external\/products\/product-related-entity-assets\/281721\/IMG_150x150\/liebherr-Wechselbarer%20T%c3%bcranschlag.jpg\" alt=\"Fermata della porta reversibile\"><\/p>\n<p class=\"linkDescription\">Fermata della porta reversibile<\/p>\n<\/div>\n<\/div>\n<div class=\"text\">\n<p>Gli elettrodomestici sono dotati in fabbrica di una fermata della porta destra. Grazie all&rsquo;arresto reversibile della porta, il dispositivo pu\u00f2 sempre essere installato dove \u00e8 pi\u00f9 necessario.<\/p>\n<\/div>\n<\/section>\n<\/div>\n<\/section>\n<\/section>\n<\/div>\n<div class=\"grid_12\">\n<section id=\"snippetId_27\" class=\"accordion_module jQueryPluginAccordionProceed\">\n<section class=\"accordionItem accordionItemLevel1 open\">\n<div class=\"slideLink\" style=\"text-align: center;\">\n<h4><a class=\"accordionLink trackEvent\" href=\"https:\/\/home.liebherr.com\/fr\/fra\/products\/appareils-professionnels\/h%C3%B4tellerie-et-gastronomie\/r%C3%A9frig%C3%A9rateurs\/details\/fkuv-1660.html\" data-event-category=\"Product Detail\" data-event-action=\"feature_teaser\/HAU_63781_fr\" data-event-label=\"HAU_5_41200_36531_Regular\"> <span class=\"text\">Presentazione efficace del prodotto<\/span> <\/a><\/h4>\n<\/div>\n<div class=\"accordionContent\">\n<section class=\"grid_24 text_img_1of2_module\">\n<div class=\"image span_4\" style=\"text-align: center;\">\n<div class=\"trackEvent\" data-event-category=\"Product Detail1\" data-event-action=\"Bildvergr\u00f6\u00dferung\" data-event-label=\"Bildvergr\u00f6\u00dferung Label\">\n<p><img decoding=\"async\" class=\"aligncenter\" src=\"https:\/\/home.liebherr.com\/external\/products\/product-related-entity-assets\/281722\/IMG_150x150\/F11_Wirkungsstarke%20Warenpr%c3%a4sentation%20G_Image.jpg\" alt=\"Presentazione efficace del prodotto\"><\/p>\n<p class=\"linkDescription\">Presentazione efficace del prodotto<\/p>\n<\/div>\n<\/div>\n<div class=\"text\">\n<p style=\"text-align: center;\">L&rsquo;illuminazione interna a LED a risparmio energetico garantisce una presentazione ottimale dei prodotti immagazzinati<\/p>\n<\/div>\n<\/section>\n<\/div>\n<\/section>\n<\/section>\n<\/div>\n<\/section>\n<\/section>\n<\/section>\n<\/div>\n<\/div>\n<\/section>\n","protected":false},"excerpt":{"rendered":"<p><strong>Numero articolo:<\/strong> Fudbalski Klub 1660<\/p>\n","protected":false},"featured_media":6942,"template":"","meta":[],"product_cat":[160,236],"product_tag":[],"yoast_head":"<!-- This site is optimized with the Yoast SEO plugin v20.13 - https:\/\/yoast.com\/wordpress\/plugins\/seo\/ -->\n<title>Frigorifero Liebherr FKUv 1660 Premium - Masdors - Cuisines ext\u00e9rieurs<\/title>\n<meta name=\"robots\" content=\"index, follow, max-snippet:-1, max-image-preview:large, max-video-preview:-1\" \/>\n<link rel=\"canonical\" href=\"https:\/\/masdors.ch\/index.php\/produit\/liebherr-fkuv-1660-premium\/\" \/>\n<meta property=\"og:locale\" content=\"fr_FR\" \/>\n<meta property=\"og:type\" content=\"article\" \/>\n<meta property=\"og:title\" content=\"Frigorifero Liebherr FKUv 1660 Premium - Masdors - Cuisines ext\u00e9rieurs\" \/>\n<meta property=\"og:description\" content=\"Numero articolo: Fudbalski Klub 1660\" \/>\n<meta property=\"og:url\" content=\"https:\/\/masdors.ch\/index.php\/produit\/liebherr-fkuv-1660-premium\/?lang=it\" \/>\n<meta property=\"og:site_name\" content=\"Masdors - Cuisines ext\u00e9rieurs\" \/>\n<meta property=\"article:modified_time\" content=\"2020-12-26T13:24:08+00:00\" \/>\n<meta property=\"og:image\" content=\"https:\/\/masdors.ch\/wp-content\/uploads\/2020\/11\/FKUv-1660-4.jpg\" \/>\n\t<meta property=\"og:image:width\" content=\"386\" \/>\n\t<meta property=\"og:image:height\" content=\"390\" \/>\n\t<meta property=\"og:image:type\" content=\"image\/jpeg\" \/>\n<meta name=\"twitter:card\" content=\"summary_large_image\" \/>\n<meta name=\"twitter:label1\" content=\"Dur\u00e9e de lecture estim\u00e9e\" \/>\n\t<meta name=\"twitter:data1\" content=\"2 minutes\" \/>\n<script type=\"application\/ld+json\" class=\"yoast-schema-graph\">{\"@context\":\"https:\/\/schema.org\",\"@graph\":[{\"@type\":\"WebPage\",\"@id\":\"https:\/\/masdors.ch\/index.php\/produit\/liebherr-fkuv-1660-premium\/?lang=it\",\"url\":\"https:\/\/masdors.ch\/index.php\/produit\/liebherr-fkuv-1660-premium\/?lang=it\",\"name\":\"Frigorifero Liebherr FKUv 1660 Premium - Masdors - Cuisines ext\u00e9rieurs\",\"isPartOf\":{\"@id\":\"https:\/\/masdors.ch\/#website\"},\"datePublished\":\"2020-12-26T13:23:52+00:00\",\"dateModified\":\"2020-12-26T13:24:08+00:00\",\"breadcrumb\":{\"@id\":\"https:\/\/masdors.ch\/index.php\/produit\/liebherr-fkuv-1660-premium\/?lang=it#breadcrumb\"},\"inLanguage\":\"fr-FR\",\"potentialAction\":[{\"@type\":\"ReadAction\",\"target\":[\"https:\/\/masdors.ch\/index.php\/produit\/liebherr-fkuv-1660-premium\/?lang=it\"]}]},{\"@type\":\"BreadcrumbList\",\"@id\":\"https:\/\/masdors.ch\/index.php\/produit\/liebherr-fkuv-1660-premium\/?lang=it#breadcrumb\",\"itemListElement\":[{\"@type\":\"ListItem\",\"position\":1,\"name\":\"Home\",\"item\":\"https:\/\/masdors.ch\/\"},{\"@type\":\"ListItem\",\"position\":2,\"name\":\"Produits\",\"item\":\"https:\/\/masdors.ch\/index.php\/shop\/\"},{\"@type\":\"ListItem\",\"position\":3,\"name\":\"Frigorifero Liebherr FKUv 1660 Premium\"}]},{\"@type\":\"WebSite\",\"@id\":\"https:\/\/masdors.ch\/#website\",\"url\":\"https:\/\/masdors.ch\/\",\"name\":\"Masdors - Cuisines ext\u00e9rieurs\",\"description\":\"\",\"publisher\":{\"@id\":\"https:\/\/masdors.ch\/#organization\"},\"potentialAction\":[{\"@type\":\"SearchAction\",\"target\":{\"@type\":\"EntryPoint\",\"urlTemplate\":\"https:\/\/masdors.ch\/?s={search_term_string}\"},\"query-input\":\"required name=search_term_string\"}],\"inLanguage\":\"fr-FR\"},{\"@type\":\"Organization\",\"@id\":\"https:\/\/masdors.ch\/#organization\",\"name\":\"Masdors - Cuisines ext\u00e9rieurs\",\"url\":\"https:\/\/masdors.ch\/\",\"logo\":{\"@type\":\"ImageObject\",\"inLanguage\":\"fr-FR\",\"@id\":\"https:\/\/masdors.ch\/#\/schema\/logo\/image\/\",\"url\":\"https:\/\/masdors.ch\/wp-content\/uploads\/2020\/09\/Masdors_Logo-01x.png\",\"contentUrl\":\"https:\/\/masdors.ch\/wp-content\/uploads\/2020\/09\/Masdors_Logo-01x.png\",\"width\":223,\"height\":63,\"caption\":\"Masdors - Cuisines ext\u00e9rieurs\"},\"image\":{\"@id\":\"https:\/\/masdors.ch\/#\/schema\/logo\/image\/\"}}]}<\/script>\n<!-- \/ Yoast SEO plugin. -->","yoast_head_json":{"title":"Frigorifero Liebherr FKUv 1660 Premium - Masdors - Cuisines ext\u00e9rieurs","robots":{"index":"index","follow":"follow","max-snippet":"max-snippet:-1","max-image-preview":"max-image-preview:large","max-video-preview":"max-video-preview:-1"},"canonical":"https:\/\/masdors.ch\/index.php\/produit\/liebherr-fkuv-1660-premium\/","og_locale":"fr_FR","og_type":"article","og_title":"Frigorifero Liebherr FKUv 1660 Premium - Masdors - Cuisines ext\u00e9rieurs","og_description":"Numero articolo: Fudbalski Klub 1660","og_url":"https:\/\/masdors.ch\/index.php\/produit\/liebherr-fkuv-1660-premium\/?lang=it","og_site_name":"Masdors - Cuisines ext\u00e9rieurs","article_modified_time":"2020-12-26T13:24:08+00:00","og_image":[{"width":386,"height":390,"url":"https:\/\/masdors.ch\/wp-content\/uploads\/2020\/11\/FKUv-1660-4.jpg","type":"image\/jpeg"}],"twitter_card":"summary_large_image","twitter_misc":{"Dur\u00e9e de lecture estim\u00e9e":"2 minutes"},"schema":{"@context":"https:\/\/schema.org","@graph":[{"@type":"WebPage","@id":"https:\/\/masdors.ch\/index.php\/produit\/liebherr-fkuv-1660-premium\/?lang=it","url":"https:\/\/masdors.ch\/index.php\/produit\/liebherr-fkuv-1660-premium\/?lang=it","name":"Frigorifero Liebherr FKUv 1660 Premium - Masdors - Cuisines ext\u00e9rieurs","isPartOf":{"@id":"https:\/\/masdors.ch\/#website"},"datePublished":"2020-12-26T13:23:52+00:00","dateModified":"2020-12-26T13:24:08+00:00","breadcrumb":{"@id":"https:\/\/masdors.ch\/index.php\/produit\/liebherr-fkuv-1660-premium\/?lang=it#breadcrumb"},"inLanguage":"fr-FR","potentialAction":[{"@type":"ReadAction","target":["https:\/\/masdors.ch\/index.php\/produit\/liebherr-fkuv-1660-premium\/?lang=it"]}]},{"@type":"BreadcrumbList","@id":"https:\/\/masdors.ch\/index.php\/produit\/liebherr-fkuv-1660-premium\/?lang=it#breadcrumb","itemListElement":[{"@type":"ListItem","position":1,"name":"Home","item":"https:\/\/masdors.ch\/"},{"@type":"ListItem","position":2,"name":"Produits","item":"https:\/\/masdors.ch\/index.php\/shop\/"},{"@type":"ListItem","position":3,"name":"Frigorifero Liebherr FKUv 1660 Premium"}]},{"@type":"WebSite","@id":"https:\/\/masdors.ch\/#website","url":"https:\/\/masdors.ch\/","name":"Masdors - Cuisines ext\u00e9rieurs","description":"","publisher":{"@id":"https:\/\/masdors.ch\/#organization"},"potentialAction":[{"@type":"SearchAction","target":{"@type":"EntryPoint","urlTemplate":"https:\/\/masdors.ch\/?s={search_term_string}"},"query-input":"required name=search_term_string"}],"inLanguage":"fr-FR"},{"@type":"Organization","@id":"https:\/\/masdors.ch\/#organization","name":"Masdors - Cuisines ext\u00e9rieurs","url":"https:\/\/masdors.ch\/","logo":{"@type":"ImageObject","inLanguage":"fr-FR","@id":"https:\/\/masdors.ch\/#\/schema\/logo\/image\/","url":"https:\/\/masdors.ch\/wp-content\/uploads\/2020\/09\/Masdors_Logo-01x.png","contentUrl":"https:\/\/masdors.ch\/wp-content\/uploads\/2020\/09\/Masdors_Logo-01x.png","width":223,"height":63,"caption":"Masdors - Cuisines ext\u00e9rieurs"},"image":{"@id":"https:\/\/masdors.ch\/#\/schema\/logo\/image\/"}}]}},"_links":{"self":[{"href":"https:\/\/masdors.ch\/index.php\/wp-json\/wp\/v2\/product\/12074"}],"collection":[{"href":"https:\/\/masdors.ch\/index.php\/wp-json\/wp\/v2\/product"}],"about":[{"href":"https:\/\/masdors.ch\/index.php\/wp-json\/wp\/v2\/types\/product"}],"wp:featuredmedia":[{"embeddable":true,"href":"https:\/\/masdors.ch\/index.php\/wp-json\/wp\/v2\/media\/6942"}],"wp:attachment":[{"href":"https:\/\/masdors.ch\/index.php\/wp-json\/wp\/v2\/media?parent=12074"}],"wp:term":[{"taxonomy":"product_cat","embeddable":true,"href":"https:\/\/masdors.ch\/index.php\/wp-json\/wp\/v2\/product_cat?post=12074"},{"taxonomy":"product_tag","embeddable":true,"href":"https:\/\/masdors.ch\/index.php\/wp-json\/wp\/v2\/product_tag?post=12074"}],"curies":[{"name":"wp","href":"https:\/\/api.w.org\/{rel}","templated":true}]}}