{"id":6831,"date":"2020-11-18T17:07:07","date_gmt":"2020-11-18T16:07:07","guid":{"rendered":"https:\/\/dev.masdors.ch\/?post_type=product&#038;p=6831"},"modified":"2020-11-19T10:27:57","modified_gmt":"2020-11-19T09:27:57","slug":"liebherr-fkuv-1663","status":"publish","type":"product","link":"https:\/\/masdors.ch\/index.php\/produit\/liebherr-fkuv-1663\/","title":{"rendered":"R\u00e9frig\u00e9rateur Liebherr FKUv 1663"},"content":{"rendered":"<div class=\"data_table_module\">\n<div class=\"data_table_module__row\" style=\"text-align: center;\"><span class=\"data_table_module__cell\"><span title=\"Volume brut\">Volume brut<\/span><\/span> <span class=\"data_table_module__cell\"><strong title=\"141\">141 l<\/strong><\/span><\/div>\n<div class=\"data_table_module__row\" style=\"text-align: center;\"><span class=\"data_table_module__cell\"><span title=\"Dimensions ext\u00e9rieures (L\/P\/H)\">Dimensions ext\u00e9rieures (L\/P\/H)<\/span><\/span> <span class=\"data_table_module__cell\"><strong title=\"83 \/ 60,0 \/ 61,5\">83 \/ 60,0 \/ 61,5 cm<\/strong><\/span><\/div>\n<div class=\"data_table_module__row\" style=\"text-align: center;\"><span class=\"data_table_module__cell\"><span title=\"Consommation \u00e9lectrique en 24 heures\">Consommation \u00e9lectrique en 24 heures<\/span><\/span> <span class=\"data_table_module__cell\"><strong title=\"0,947\">0,947 kWh\/24h<\/strong><\/span><\/div>\n<\/div>\n<div style=\"text-align: center;\"><\/div>\n<div>\n<section class=\"singleRow article_module text_img_module\">\n<section class=\"grid_12 text_img_1of2_module\">\n<div class=\"image span_4\">\n<div class=\"trackEvent\" data-event-category=\"Product Detail1\" data-event-action=\"Bildvergr\u00f6\u00dferung\" data-event-label=\"Bildvergr\u00f6\u00dferung Label\"><img decoding=\"async\" class=\"aligncenter\" src=\"https:\/\/home.liebherr.com\/external\/products\/product-related-entity-assets\/281711\/IMG_150x150\/F11_Digitale_Temperaturanzeige_Image.jpg\" alt=\"Affichage digital de la temp\u00e9rature\" \/><\/div>\n<\/div>\n<section class=\"text description\">\n<h3 style=\"text-align: center;\">Affichage digital de la temp\u00e9rature<\/h3>\n<p style=\"text-align: center;\">Avec l&rsquo;affichage digital de la temp\u00e9rature, vous pouvez lire de l&rsquo;ext\u00e9rieur la temp\u00e9rature int\u00e9rieure du r\u00e9frig\u00e9rateur au degr\u00e9 pr\u00e8s. Ainsi, l&rsquo;utilisateur sait rapidement la temp\u00e9rature atteinte, sans ouvrir la porte.<\/p>\n<\/section>\n<\/section>\n<section class=\"grid_12 text_img_1of2_module\">\n<div class=\"image span_4\">\n<div class=\"trackEvent\" data-event-category=\"Product Detail1\" data-event-action=\"Bildvergr\u00f6\u00dferung\" data-event-label=\"Bildvergr\u00f6\u00dferung Label\"><img decoding=\"async\" class=\"aligncenter\" src=\"https:\/\/home.liebherr.com\/external\/products\/product-related-entity-assets\/304469\/IMG_150x150\/liebherr-Edelstahl-Au%c3%9fengeh%c3%a4use.jpg\" alt=\"Habillage inox\" \/><\/div>\n<\/div>\n<section class=\"text description\">\n<h3 style=\"text-align: center;\">Habillage inox<\/h3>\n<p style=\"text-align: center;\">L&rsquo;appareil est habill\u00e9 de parois inox d&rsquo;un seul tenant, sans joints, pour une hygi\u00e8ne et un entretien parfaits. L&rsquo;acier inoxydable est un alliage d&rsquo;acier fin particuli\u00e8rement r\u00e9sistant\u00a0; il se pr\u00eate id\u00e9alement \u00e0 un usage professionnel.<\/p>\n<\/section>\n<\/section>\n<section class=\"grid_12 text_img_1of2_module\">\n<div class=\"image span_4\">\n<div class=\"trackEvent\" data-event-category=\"Product Detail1\" data-event-action=\"Bildvergr\u00f6\u00dferung\" data-event-label=\"Bildvergr\u00f6\u00dferung Label\"><img decoding=\"async\" class=\"aligncenter\" src=\"https:\/\/home.liebherr.com\/external\/products\/product-related-entity-assets\/281736\/IMG_150x150\/liebherr-Hocheffiziente%20Ventilatoren.jpg\" alt=\"Froid ventil\u00e9\" \/><\/div>\n<\/div>\n<section class=\"text description\">\n<h3 style=\"text-align: center;\">Froid ventil\u00e9<\/h3>\n<p style=\"text-align: center;\">Des ventilateurs tr\u00e8s efficaces assurent une r\u00e9frig\u00e9ration rapide de la marchandise qui vient d&rsquo;\u00eatre plac\u00e9e dans le r\u00e9frig\u00e9rateur et maintiennent une temp\u00e9rature homog\u00e8ne et constante \u00e0 l&rsquo;int\u00e9rieur de l&rsquo;appareil.<\/p>\n<\/section>\n<\/section>\n<section class=\"grid_12 text_img_1of2_module\">\n<div class=\"image span_4\">\n<div class=\"trackEvent\" data-event-category=\"Product Detail1\" data-event-action=\"Bildvergr\u00f6\u00dferung\" data-event-label=\"Bildvergr\u00f6\u00dferung Label\"><img decoding=\"async\" class=\"aligncenter\" src=\"https:\/\/home.liebherr.com\/external\/products\/product-related-entity-assets\/1470017\/IMG_150x150\/liebherr-Hocheffizientes%20K%c3%a4ltesystem.jpg\" alt=\"Un syst\u00e8me de r\u00e9frig\u00e9ration efficace\" \/><\/div>\n<\/div>\n<section class=\"text description\">\n<h3 style=\"text-align: center;\">Un syst\u00e8me de r\u00e9frig\u00e9ration efficace<\/h3>\n<p style=\"text-align: center;\">Gr\u00e2ce \u00e0 des d\u00e9cennies d&rsquo;exp\u00e9rience en g\u00e9nie frigorifique et \u00e0 des efforts de recherche continus, Liebherr vous offre un syst\u00e8me de refroidissement d&rsquo;une qualit\u00e9 exceptionnelle. L&rsquo;utilisation de composants de qualit\u00e9 dans les appareils Liebherr, tels que compresseurs, condenseurs, ou \u00e9vaporateurs pour le g\u00e9nie frigorifique, permet d&rsquo;assurer une baisse significative de la consommation, et donc des d\u00e9penses d&rsquo;\u00e9nergie.<\/p>\n<\/section>\n<\/section>\n<section class=\"grid_12 text_img_1of2_module\">\n<div class=\"image span_4\">\n<div class=\"trackEvent\" data-event-category=\"Product Detail1\" data-event-action=\"Bildvergr\u00f6\u00dferung\" data-event-label=\"Bildvergr\u00f6\u00dferung Label\"><img decoding=\"async\" class=\"aligncenter\" src=\"https:\/\/home.liebherr.com\/external\/products\/product-related-entity-assets\/281715\/IMG_150x150\/F11_Temperatur%20Alarm_Image.jpg\" alt=\"Alarme de temp\u00e9rature\" \/><\/div>\n<\/div>\n<section class=\"text description\">\n<h3 style=\"text-align: center;\">Alarme de temp\u00e9rature<\/h3>\n<p style=\"text-align: center;\">L&rsquo;alarme de temp\u00e9rature int\u00e9gr\u00e9e signale toute temp\u00e9rature situ\u00e9e en dehors de la plage des valeurs admissibles. Cette alarme est tant sonore que visuelle, pour assurer une s\u00e9curit\u00e9 maximale aux marchandises stock\u00e9es.<\/p>\n<\/section>\n<\/section>\n<section class=\"grid_12 text_img_1of2_module\">\n<div class=\"image span_4\" style=\"text-align: center;\">\n<div class=\"trackEvent\" data-event-category=\"Product Detail1\" data-event-action=\"Bildvergr\u00f6\u00dferung\" data-event-label=\"Bildvergr\u00f6\u00dferung Label\"><img decoding=\"async\" class=\"aligncenter\" src=\"https:\/\/home.liebherr.com\/external\/products\/product-related-entity-assets\/1470321\/IMG_150x150\/liebherr-Umweltfreundliches%20K%c3%a4ltemittel.jpg\" alt=\"Fluide frigorig\u00e8ne respectueux de l'environnement\" \/><\/div>\n<\/div>\n<section class=\"text description\">\n<h3 style=\"text-align: center;\">Fluide frigorig\u00e8ne respectueux de l&rsquo;environnement<\/h3>\n<p style=\"text-align: center;\">Un tr\u00e8s faible effet de serre et l&rsquo;absence de potentiel d&rsquo;appauvrissement de l&rsquo;ozone font du R600a et du R\u00a0290 des fluides frigorig\u00e8nes respectueux de l&rsquo;environnement. C&rsquo;est pourquoi la quasi-totalit\u00e9 des fabricants les pr\u00e9f\u00e8rent aujourd&rsquo;hui aux anciens fluides frigorig\u00e8nes R134a et R404a. Tous les conservateurs et coffres Impuls de Liebherr sont dot\u00e9s du fluide frigorig\u00e8ne R600a ou R\u00a0290 et se caract\u00e9risent par une excellente efficacit\u00e9 \u00e9nerg\u00e9tique, ce qui contribue \u00e0 leur bilan carbone et favorise la mise en \u0153uvre d&rsquo;une action durable.<\/p>\n<div class=\"grid_12\" style=\"text-align: center;\">\n<section id=\"snippetId_25\" class=\"accordion_module jQueryPluginAccordionProceed\">\n<section class=\"accordionItem accordionItemLevel1 open\">\n<div class=\"slideLink\">\n<h4><span class=\"text\">Mod\u00e8les encastrables sous plan<\/span><\/h4>\n<\/div>\n<div class=\"accordionContent\">\n<section class=\"grid_24 text_img_1of2_module\">\n<div class=\"image span_4\">\n<div class=\"trackEvent\" data-event-category=\"Product Detail1\" data-event-action=\"Bildvergr\u00f6\u00dferung\" data-event-label=\"Bildvergr\u00f6\u00dferung Label\">\n<p><img decoding=\"async\" class=\"aligncenter\" src=\"https:\/\/home.liebherr.com\/external\/products\/product-related-entity-assets\/281720\/IMG_150x150\/liebherr-Unterbauf%c3%a4hige%20Modelle.jpg\" alt=\"Mod\u00e8les encastrables sous plan\" \/><\/p>\n<p class=\"linkDescription\">Mod\u00e8les encastrables sous plan<\/p>\n<\/div>\n<\/div>\n<div class=\"text\">\n<p>Certains mod\u00e8les peuvent \u00eatre install\u00e9s sous le plan de travail. Dans ce cas, il faut pr\u00e9voir une prise d&rsquo;air d&rsquo;au moins 200\u00a0cm\u00b2 dans le plan de travail pour permettre la ventilation \u00e0 l&rsquo;arri\u00e8re de l&rsquo;appareil. Si aucune grille d&rsquo;a\u00e9ration n&rsquo;est pr\u00e9vue dans le plan de travail, la hauteur de la niche doit faire au moins 860\u00a0mm pour garantir une \u00e9vacuation suffisante de la chaleur vers l&rsquo;avant. Lorsque la surface est restreinte, les mod\u00e8les encastrables sous plan offrent une alternative peu encombrante.<\/p>\n<\/div>\n<\/section>\n<\/div>\n<\/section>\n<section class=\"accordionItem accordionItemLevel1 open\">\n<div class=\"slideLink\">\n<h4><span class=\"text\">But\u00e9e de porte r\u00e9versible<\/span><\/h4>\n<\/div>\n<div class=\"accordionContent\">\n<section class=\"grid_24 text_img_1of2_module\">\n<div class=\"image span_4\">\n<div class=\"trackEvent\" data-event-category=\"Product Detail1\" data-event-action=\"Bildvergr\u00f6\u00dferung\" data-event-label=\"Bildvergr\u00f6\u00dferung Label\">\n<p><img decoding=\"async\" class=\"aligncenter\" src=\"https:\/\/home.liebherr.com\/external\/products\/product-related-entity-assets\/281721\/IMG_150x150\/liebherr-Wechselbarer%20T%c3%bcranschlag.jpg\" alt=\"But\u00e9e de porte r\u00e9versible\" \/><\/p>\n<p class=\"linkDescription\">But\u00e9e de porte r\u00e9versible<\/p>\n<\/div>\n<\/div>\n<div class=\"text\">\n<p>Les appareils sont \u00e9quip\u00e9s en usine d&rsquo;une but\u00e9e de porte \u00e0 droite. Gr\u00e2ce \u00e0 la but\u00e9e de porte r\u00e9versible, l&rsquo;appareil peut toujours \u00eatre install\u00e9 \u00e0 l&#8217;emplacement o\u00f9 on en a le plus besoin.<\/p>\n<\/div>\n<\/section>\n<\/div>\n<\/section>\n<\/section>\n<\/div>\n<div class=\"grid_12\">\n<section id=\"snippetId_27\" class=\"accordion_module jQueryPluginAccordionProceed\">\n<section class=\"accordionItem accordionItemLevel1 open\">\n<div class=\"slideLink\" style=\"text-align: center;\">\n<h4><span class=\"text\">Pr\u00e9sentation efficace des produits<\/span><\/h4>\n<\/div>\n<div class=\"accordionContent\">\n<section class=\"grid_24 text_img_1of2_module\">\n<div class=\"image span_4\" style=\"text-align: center;\">\n<div class=\"trackEvent\" data-event-category=\"Product Detail1\" data-event-action=\"Bildvergr\u00f6\u00dferung\" data-event-label=\"Bildvergr\u00f6\u00dferung Label\">\n<p><img decoding=\"async\" class=\"aligncenter\" src=\"https:\/\/home.liebherr.com\/external\/products\/product-related-entity-assets\/281722\/IMG_150x150\/F11_Wirkungsstarke%20Warenpr%c3%a4sentation%20G_Image.jpg\" alt=\"Pr\u00e9sentation efficace des produits\" \/><\/p>\n<p class=\"linkDescription\">Pr\u00e9sentation efficace des produits<\/p>\n<\/div>\n<\/div>\n<div class=\"text\">\n<p style=\"text-align: center;\">L&rsquo;\u00e9clairage int\u00e9rieur \u00e0 LED \u00e0 \u00e9conomie d&rsquo;\u00e9nergie garantit une pr\u00e9sentation optimale des produits stock\u00e9s<\/p>\n<\/div>\n<\/section>\n<\/div>\n<\/section>\n<\/section>\n<\/div>\n<\/section>\n<\/section>\n<\/section>\n<\/div>\n","protected":false},"excerpt":{"rendered":"<p><strong>Num\u00e9ro d&rsquo;article:<\/strong> FKUv 1663<\/p>\n","protected":false},"featured_media":6838,"template":"","meta":[],"product_cat":[131,201],"product_tag":[],"yoast_head":"<!-- This site is optimized with the Yoast SEO plugin v20.13 - https:\/\/yoast.com\/wordpress\/plugins\/seo\/ -->\n<title>R\u00e9frig\u00e9rateur Liebherr FKUv 1663 - Masdors - Cuisines ext\u00e9rieurs<\/title>\n<meta name=\"robots\" content=\"index, follow, max-snippet:-1, max-image-preview:large, max-video-preview:-1\" \/>\n<link rel=\"canonical\" href=\"https:\/\/masdors.ch\/index.php\/produit\/liebherr-fkuv-1663\/\" \/>\n<meta property=\"og:locale\" content=\"fr_FR\" \/>\n<meta property=\"og:type\" content=\"article\" \/>\n<meta property=\"og:title\" content=\"R\u00e9frig\u00e9rateur Liebherr FKUv 1663 - Masdors - Cuisines ext\u00e9rieurs\" \/>\n<meta property=\"og:description\" content=\"Num\u00e9ro d&#039;article: FKUv 1663\" \/>\n<meta property=\"og:url\" content=\"https:\/\/masdors.ch\/index.php\/produit\/liebherr-fkuv-1663\/\" \/>\n<meta property=\"og:site_name\" content=\"Masdors - Cuisines ext\u00e9rieurs\" \/>\n<meta property=\"article:modified_time\" content=\"2020-11-19T09:27:57+00:00\" \/>\n<meta property=\"og:image\" content=\"https:\/\/masdors.ch\/wp-content\/uploads\/2020\/11\/1663-open-1.jpg\" \/>\n\t<meta property=\"og:image:width\" content=\"579\" \/>\n\t<meta property=\"og:image:height\" content=\"565\" \/>\n\t<meta property=\"og:image:type\" content=\"image\/jpeg\" \/>\n<meta name=\"twitter:card\" content=\"summary_large_image\" \/>\n<meta name=\"twitter:label1\" content=\"Dur\u00e9e de lecture estim\u00e9e\" \/>\n\t<meta name=\"twitter:data1\" content=\"3 minutes\" \/>\n<script type=\"application\/ld+json\" class=\"yoast-schema-graph\">{\"@context\":\"https:\/\/schema.org\",\"@graph\":[{\"@type\":\"WebPage\",\"@id\":\"https:\/\/masdors.ch\/index.php\/produit\/liebherr-fkuv-1663\/\",\"url\":\"https:\/\/masdors.ch\/index.php\/produit\/liebherr-fkuv-1663\/\",\"name\":\"R\u00e9frig\u00e9rateur Liebherr FKUv 1663 - Masdors - Cuisines ext\u00e9rieurs\",\"isPartOf\":{\"@id\":\"https:\/\/masdors.ch\/#website\"},\"datePublished\":\"2020-11-18T16:07:07+00:00\",\"dateModified\":\"2020-11-19T09:27:57+00:00\",\"breadcrumb\":{\"@id\":\"https:\/\/masdors.ch\/index.php\/produit\/liebherr-fkuv-1663\/#breadcrumb\"},\"inLanguage\":\"fr-FR\",\"potentialAction\":[{\"@type\":\"ReadAction\",\"target\":[\"https:\/\/masdors.ch\/index.php\/produit\/liebherr-fkuv-1663\/\"]}]},{\"@type\":\"BreadcrumbList\",\"@id\":\"https:\/\/masdors.ch\/index.php\/produit\/liebherr-fkuv-1663\/#breadcrumb\",\"itemListElement\":[{\"@type\":\"ListItem\",\"position\":1,\"name\":\"Home\",\"item\":\"https:\/\/masdors.ch\/\"},{\"@type\":\"ListItem\",\"position\":2,\"name\":\"Produits\",\"item\":\"https:\/\/masdors.ch\/index.php\/shop\/\"},{\"@type\":\"ListItem\",\"position\":3,\"name\":\"R\u00e9frig\u00e9rateur Liebherr FKUv 1663\"}]},{\"@type\":\"WebSite\",\"@id\":\"https:\/\/masdors.ch\/#website\",\"url\":\"https:\/\/masdors.ch\/\",\"name\":\"Masdors - Cuisines ext\u00e9rieurs\",\"description\":\"\",\"publisher\":{\"@id\":\"https:\/\/masdors.ch\/#organization\"},\"potentialAction\":[{\"@type\":\"SearchAction\",\"target\":{\"@type\":\"EntryPoint\",\"urlTemplate\":\"https:\/\/masdors.ch\/?s={search_term_string}\"},\"query-input\":\"required name=search_term_string\"}],\"inLanguage\":\"fr-FR\"},{\"@type\":\"Organization\",\"@id\":\"https:\/\/masdors.ch\/#organization\",\"name\":\"Masdors - Cuisines ext\u00e9rieurs\",\"url\":\"https:\/\/masdors.ch\/\",\"logo\":{\"@type\":\"ImageObject\",\"inLanguage\":\"fr-FR\",\"@id\":\"https:\/\/masdors.ch\/#\/schema\/logo\/image\/\",\"url\":\"https:\/\/masdors.ch\/wp-content\/uploads\/2020\/09\/Masdors_Logo-01x.png\",\"contentUrl\":\"https:\/\/masdors.ch\/wp-content\/uploads\/2020\/09\/Masdors_Logo-01x.png\",\"width\":223,\"height\":63,\"caption\":\"Masdors - Cuisines ext\u00e9rieurs\"},\"image\":{\"@id\":\"https:\/\/masdors.ch\/#\/schema\/logo\/image\/\"}}]}<\/script>\n<!-- \/ Yoast SEO plugin. -->","yoast_head_json":{"title":"R\u00e9frig\u00e9rateur Liebherr FKUv 1663 - Masdors - Cuisines ext\u00e9rieurs","robots":{"index":"index","follow":"follow","max-snippet":"max-snippet:-1","max-image-preview":"max-image-preview:large","max-video-preview":"max-video-preview:-1"},"canonical":"https:\/\/masdors.ch\/index.php\/produit\/liebherr-fkuv-1663\/","og_locale":"fr_FR","og_type":"article","og_title":"R\u00e9frig\u00e9rateur Liebherr FKUv 1663 - Masdors - Cuisines ext\u00e9rieurs","og_description":"Num\u00e9ro d'article: FKUv 1663","og_url":"https:\/\/masdors.ch\/index.php\/produit\/liebherr-fkuv-1663\/","og_site_name":"Masdors - Cuisines ext\u00e9rieurs","article_modified_time":"2020-11-19T09:27:57+00:00","og_image":[{"width":579,"height":565,"url":"https:\/\/masdors.ch\/wp-content\/uploads\/2020\/11\/1663-open-1.jpg","type":"image\/jpeg"}],"twitter_card":"summary_large_image","twitter_misc":{"Dur\u00e9e de lecture estim\u00e9e":"3 minutes"},"schema":{"@context":"https:\/\/schema.org","@graph":[{"@type":"WebPage","@id":"https:\/\/masdors.ch\/index.php\/produit\/liebherr-fkuv-1663\/","url":"https:\/\/masdors.ch\/index.php\/produit\/liebherr-fkuv-1663\/","name":"R\u00e9frig\u00e9rateur Liebherr FKUv 1663 - Masdors - Cuisines ext\u00e9rieurs","isPartOf":{"@id":"https:\/\/masdors.ch\/#website"},"datePublished":"2020-11-18T16:07:07+00:00","dateModified":"2020-11-19T09:27:57+00:00","breadcrumb":{"@id":"https:\/\/masdors.ch\/index.php\/produit\/liebherr-fkuv-1663\/#breadcrumb"},"inLanguage":"fr-FR","potentialAction":[{"@type":"ReadAction","target":["https:\/\/masdors.ch\/index.php\/produit\/liebherr-fkuv-1663\/"]}]},{"@type":"BreadcrumbList","@id":"https:\/\/masdors.ch\/index.php\/produit\/liebherr-fkuv-1663\/#breadcrumb","itemListElement":[{"@type":"ListItem","position":1,"name":"Home","item":"https:\/\/masdors.ch\/"},{"@type":"ListItem","position":2,"name":"Produits","item":"https:\/\/masdors.ch\/index.php\/shop\/"},{"@type":"ListItem","position":3,"name":"R\u00e9frig\u00e9rateur Liebherr FKUv 1663"}]},{"@type":"WebSite","@id":"https:\/\/masdors.ch\/#website","url":"https:\/\/masdors.ch\/","name":"Masdors - Cuisines ext\u00e9rieurs","description":"","publisher":{"@id":"https:\/\/masdors.ch\/#organization"},"potentialAction":[{"@type":"SearchAction","target":{"@type":"EntryPoint","urlTemplate":"https:\/\/masdors.ch\/?s={search_term_string}"},"query-input":"required name=search_term_string"}],"inLanguage":"fr-FR"},{"@type":"Organization","@id":"https:\/\/masdors.ch\/#organization","name":"Masdors - Cuisines ext\u00e9rieurs","url":"https:\/\/masdors.ch\/","logo":{"@type":"ImageObject","inLanguage":"fr-FR","@id":"https:\/\/masdors.ch\/#\/schema\/logo\/image\/","url":"https:\/\/masdors.ch\/wp-content\/uploads\/2020\/09\/Masdors_Logo-01x.png","contentUrl":"https:\/\/masdors.ch\/wp-content\/uploads\/2020\/09\/Masdors_Logo-01x.png","width":223,"height":63,"caption":"Masdors - Cuisines ext\u00e9rieurs"},"image":{"@id":"https:\/\/masdors.ch\/#\/schema\/logo\/image\/"}}]}},"_links":{"self":[{"href":"https:\/\/masdors.ch\/index.php\/wp-json\/wp\/v2\/product\/6831"}],"collection":[{"href":"https:\/\/masdors.ch\/index.php\/wp-json\/wp\/v2\/product"}],"about":[{"href":"https:\/\/masdors.ch\/index.php\/wp-json\/wp\/v2\/types\/product"}],"wp:featuredmedia":[{"embeddable":true,"href":"https:\/\/masdors.ch\/index.php\/wp-json\/wp\/v2\/media\/6838"}],"wp:attachment":[{"href":"https:\/\/masdors.ch\/index.php\/wp-json\/wp\/v2\/media?parent=6831"}],"wp:term":[{"taxonomy":"product_cat","embeddable":true,"href":"https:\/\/masdors.ch\/index.php\/wp-json\/wp\/v2\/product_cat?post=6831"},{"taxonomy":"product_tag","embeddable":true,"href":"https:\/\/masdors.ch\/index.php\/wp-json\/wp\/v2\/product_tag?post=6831"}],"curies":[{"name":"wp","href":"https:\/\/api.w.org\/{rel}","templated":true}]}}